{"id":2965,"date":"2021-03-06T12:35:12","date_gmt":"2021-03-06T09:35:12","guid":{"rendered":"https:\/\/www.thinkinglab.org\/TR\/?page_id=2965"},"modified":"2021-03-06T12:35:12","modified_gmt":"2021-03-06T09:35:12","slug":"biz-kimiz","status":"publish","type":"page","link":"https:\/\/www.thinkinglab.org\/TR\/biz-kimiz\/","title":{"rendered":"B\u0130Z K\u0130M\u0130Z?"},"content":{"rendered":"<p><img loading=\"lazy\" decoding=\"async\" class=\"size-medium wp-image-2966 alignleft\" src=\"https:\/\/www.thinkinglab.org\/TR\/wp-content\/uploads\/2021\/03\/shutterstock_194314304-300x201.jpg\" alt=\"\" width=\"300\" height=\"201\" srcset=\"https:\/\/www.thinkinglab.org\/TR\/wp-content\/uploads\/2021\/03\/shutterstock_194314304-300x201.jpg 300w, https:\/\/www.thinkinglab.org\/TR\/wp-content\/uploads\/2021\/03\/shutterstock_194314304-768x514.jpg 768w, https:\/\/www.thinkinglab.org\/TR\/wp-content\/uploads\/2021\/03\/shutterstock_194314304-600x401.jpg 600w, https:\/\/www.thinkinglab.org\/TR\/wp-content\/uploads\/2021\/03\/shutterstock_194314304.jpg 1000w\" sizes=\"auto, (max-width: 300px) 100vw, 300px\" \/>\u201cS\u00fcrd\u00fcr\u00fclebilir\u00a0 Kalk\u0131nma\u201d hedeflerini\u00a0 \u00f6nceleyerek kurulan\u00a0 \u0130novatif D\u00fc\u015f\u00fcnce\u00a0 Derne\u011fi , k\u00fcreselle\u015fen d\u00fcnyada bireyler ve\u00a0 topluluklar\u0131n \u201cvar\u00a0 olma\u201d ve geli\u015fme s\u00fcre\u00e7lerinde ekosistemler yarat\u0131lmas\u0131n\u0131 desteklemek ve d\u00fc\u015f\u00fcnce sistemleri \u00fczerinde yenilik\u00e7i etki yaratmay\u0131 ama\u00e7layarak\u00a0 kurulmu\u015ftur.<\/p>\n<p>Yoksulluk, g\u00f6\u00e7, gen\u00e7 i\u015fsizli\u011fi, sosyal d\u0131\u015flanma, iklim de\u011fi\u015fikli\u011fi, \u00e7evre sorunlar\u0131n\u0131n kar\u015f\u0131s\u0131nda analitik d\u00fc\u015f\u00fcnme, yarat\u0131c\u0131l\u0131k, inovasyon, dijital beceriler, problem \u00e7\u00f6zme gibi 21. y\u00fczy\u0131l becerilerinin geli\u015fimini yerel ve ulusal d\u00fczeyde g\u00fc\u00e7lendirecek mekanizmalar\u0131 ve politikalar\u0131 geli\u015ftirmeyi hedeflemektedir.<\/p>\n<p>Derne\u011fimiz, holistik bir yakla\u015f\u0131m ve \u00e7ok k\u00fclt\u00fcrl\u00fc bir \u00e7al\u0131\u015fma \/\u00f6\u011frenme ortam\u0131nda bireyden organizasyona kadar her d\u00fczeyde g\u00fcn\u00fcm\u00fcz ihtiya\u00e7lar\u0131n\u0131 kar\u015f\u0131lamak \u00fczere, ulusal ve uluslararas\u0131 geni\u015f bir network i\u00e7erisinde tasar\u0131m odakl\u0131 ve yenilik\u00e7i d\u00fc\u015f\u00fcnmeyi merkeze alarak e\u011fitimler ve projeler ger\u00e7ekle\u015ftirmektedir.<\/p>\n","protected":false},"excerpt":{"rendered":"<p>\u201cS\u00fcrd\u00fcr\u00fclebilir\u00a0 Kalk\u0131nma\u201d hedeflerini\u00a0 \u00f6nceleyerek kurulan\u00a0 \u0130novatif D\u00fc\u015f\u00fcnce\u00a0 Derne\u011fi , k\u00fcreselle\u015fen d\u00fcnyada bireyler ve\u00a0 topluluklar\u0131n \u201cvar\u00a0 olma\u201d ve geli\u015fme s\u00fcre\u00e7lerinde ekosistemler yarat\u0131lmas\u0131n\u0131 desteklemek ve d\u00fc\u015f\u00fcnce sistemleri \u00fczerinde yenilik\u00e7i etki yaratmay\u0131 ama\u00e7layarak\u00a0 kurulmu\u015ftur. Yoksulluk, g\u00f6\u00e7, gen\u00e7 i\u015fsizli\u011fi, sosyal d\u0131\u015flanma, iklim de\u011fi\u015fikli\u011fi, \u00e7evre<span class=\"read_more_area\"><a class=\"read-more\" href=\"https:\/\/www.thinkinglab.org\/TR\/biz-kimiz\/\"> Continue Reading <\/a><\/span><\/p>\n","protected":false},"author":3,"featured_media":0,"parent":0,"menu_order":0,"comment_status":"closed","ping_status":"open","template":"","meta":{"footnotes":""},"class_list":["post-2965","page","type-page","status-publish","hentry"],"_links":{"self":[{"href":"https:\/\/www.thinkinglab.org\/TR\/wp-json\/wp\/v2\/pages\/2965","targetHints":{"allow":["GET"]}}],"collection":[{"href":"https:\/\/www.thinkinglab.org\/TR\/wp-json\/wp\/v2\/pages"}],"about":[{"href":"https:\/\/www.thinkinglab.org\/TR\/wp-json\/wp\/v2\/types\/page"}],"author":[{"embeddable":true,"href":"https:\/\/www.thinkinglab.org\/TR\/wp-json\/wp\/v2\/users\/3"}],"replies":[{"embeddable":true,"href":"https:\/\/www.thinkinglab.org\/TR\/wp-json\/wp\/v2\/comments?post=2965"}],"version-history":[{"count":2,"href":"https:\/\/www.thinkinglab.org\/TR\/wp-json\/wp\/v2\/pages\/2965\/revisions"}],"predecessor-version":[{"id":3159,"href":"https:\/\/www.thinkinglab.org\/TR\/wp-json\/wp\/v2\/pages\/2965\/revisions\/3159"}],"wp:attachment":[{"href":"https:\/\/www.thinkinglab.org\/TR\/wp-json\/wp\/v2\/media?parent=2965"}],"curies":[{"name":"wp","href":"https:\/\/api.w.org\/{rel}","templated":true}]}}